{"id":695,"date":"2022-02-04T08:41:52","date_gmt":"2022-02-04T08:41:52","guid":{"rendered":"http:\/\/autodiagnosticocoeducacion.edukalboan.org\/pribatutasun-politika\/"},"modified":"2023-04-11T08:32:41","modified_gmt":"2023-04-11T07:32:41","slug":"politica-de-privacidad","status":"publish","type":"page","link":"https:\/\/autodiagnosticocoeducacion.edukalboan.org\/es\/politica-de-privacidad\/","title":{"rendered":"Pol\u00edtica de Privacidad"},"content":{"rendered":"<p>Responsable: Identidad: Fundaci\u00f3n Alboan, CIF: G48811376,\u00a0Domicilio social: Padre Lojendio 2 2\u00ba, 48008 Bilbao, Tel\u00e9fono: 944151135\u00a0Correo electr\u00f3nico:\u00a0<a href=\"mailto:protecciondedatos@alboan.org\">protecciondedatos@alboan.org<\/a><\/p>\n<p>En Alboan tratamos la informaci\u00f3n que nos facilitas con el fin de crear un espacio compartido privado s\u00f3lo para las personas del centro educativo.\u00a0 En dicho espacio se compartir\u00e1n\u00a0 los resultados recogidos para la elaboraci\u00f3n del documento final de autodiagn\u00f3stico y del posterior plan de coeducaci\u00f3n,\u00a0entre el profesorado que forma parte del grupo.<\/p>\n<p>Los datos personales que nos proporcionas se usar\u00e1n para enviarte informaci\u00f3n educativa relacionada con nuestros servicios y actividades por correo electr\u00f3nico.<\/p>\n<p>Los datos proporcionados se conservar\u00e1n mientras no solicites el cese de la actividad. Los datos no se ceder\u00e1n a terceros salvo en los casos en que exista una obligaci\u00f3n legal. Tienes derecho a obtener confirmaci\u00f3n sobre si en Fundaci\u00f3n Alboan estamos tratando tus datos personales por tanto tienes derecho a acceder a tus datos personales, rectificar los datos inexactos o solicitar su supresi\u00f3n cuando los datos ya no sean necesarios para los fines que fueron recogidos.<\/p>\n","protected":false},"excerpt":{"rendered":"<p>Responsable: Identidad: Fundaci\u00f3n Alboan, CIF: G48811376,\u00a0Domicilio social: Padre Lojendio 2 2\u00ba, 48008 Bilbao, Tel\u00e9fono: 944151135\u00a0Correo electr\u00f3nico:\u00a0protecciondedatos@alboan.org En Alboan tratamos la informaci\u00f3n que nos facilitas con el fin de crear un espacio compartido privado s\u00f3lo para las personas del centro educativo.\u00a0 En dicho espacio se compartir\u00e1n\u00a0 los resultados recogidos para la elaboraci\u00f3n del documento final de [&hellip;]<\/p>\n","protected":false},"author":1,"featured_media":0,"parent":0,"menu_order":0,"comment_status":"closed","ping_status":"open","template":"","meta":{"_acf_changed":false,"footnotes":""},"class_list":["post-695","page","type-page","status-publish","hentry"],"acf":[],"_links":{"self":[{"href":"https:\/\/autodiagnosticocoeducacion.edukalboan.org\/es\/wp-json\/wp\/v2\/pages\/695","targetHints":{"allow":["GET"]}}],"collection":[{"href":"https:\/\/autodiagnosticocoeducacion.edukalboan.org\/es\/wp-json\/wp\/v2\/pages"}],"about":[{"href":"https:\/\/autodiagnosticocoeducacion.edukalboan.org\/es\/wp-json\/wp\/v2\/types\/page"}],"author":[{"embeddable":true,"href":"https:\/\/autodiagnosticocoeducacion.edukalboan.org\/es\/wp-json\/wp\/v2\/users\/1"}],"replies":[{"embeddable":true,"href":"https:\/\/autodiagnosticocoeducacion.edukalboan.org\/es\/wp-json\/wp\/v2\/comments?post=695"}],"version-history":[{"count":1,"href":"https:\/\/autodiagnosticocoeducacion.edukalboan.org\/es\/wp-json\/wp\/v2\/pages\/695\/revisions"}],"predecessor-version":[{"id":696,"href":"https:\/\/autodiagnosticocoeducacion.edukalboan.org\/es\/wp-json\/wp\/v2\/pages\/695\/revisions\/696"}],"wp:attachment":[{"href":"https:\/\/autodiagnosticocoeducacion.edukalboan.org\/es\/wp-json\/wp\/v2\/media?parent=695"}],"curies":[{"name":"wp","href":"https:\/\/api.w.org\/{rel}","templated":true}]}}